{"id":339,"date":"2025-03-01T10:47:01","date_gmt":"2025-03-01T10:47:01","guid":{"rendered":"https:\/\/atelierdaconstrucao.com\/?page_id=339"},"modified":"2025-03-01T13:23:19","modified_gmt":"2025-03-01T13:23:19","slug":"remodelacao-moradia-s-lourenco-almancil","status":"publish","type":"page","link":"https:\/\/atelierdaconstrucao.com\/en\/remodelacao-moradia-s-lourenco-almancil\/","title":{"rendered":"Remodela\u00e7\u00e3o Moradia S. Louren\u00e7o \u2013 Almancil"},"content":{"rendered":"<div data-elementor-type=\"wp-page\" data-elementor-id=\"339\" class=\"elementor elementor-339\" data-elementor-post-type=\"page\">\n\t\t\t\t<div class=\"elementor-element elementor-element-a944d08 e-flex e-con-boxed e-con e-parent\" data-id=\"a944d08\" data-element_type=\"container\">\n\t\t\t\t\t<div class=\"e-con-inner\">\n\t\t<div class=\"elementor-element elementor-element-c3713af e-con-full e-flex e-con e-child\" data-id=\"c3713af\" data-element_type=\"container\" data-settings=\"{&quot;background_background&quot;:&quot;classic&quot;}\">\n\t\t<div class=\"elementor-element elementor-element-acad898 e-flex e-con-boxed e-con e-child\" data-id=\"acad898\" data-element_type=\"container\">\n\t\t\t\t\t<div class=\"e-con-inner\">\n\t\t<div class=\"elementor-element elementor-element-fc122f2 e-con-full e-flex e-con e-child\" data-id=\"fc122f2\" data-element_type=\"container\">\n\t\t\t\t<div class=\"elementor-element elementor-element-2ba244f elementor-widget__width-initial elementor-widget elementor-widget-heading\" data-id=\"2ba244f\" data-element_type=\"widget\" data-widget_type=\"heading.default\">\n\t\t\t\t<div class=\"elementor-widget-container\">\n\t\t\t\t\t<h3 class=\"elementor-heading-title elementor-size-default\">S. Louren\u00e7o \u2013 Almancil\n<\/h3>\t\t\t\t<\/div>\n\t\t\t\t<\/div>\n\t\t\t\t<div class=\"elementor-element elementor-element-23daa9e elementor-widget__width-initial elementor-widget elementor-widget-heading\" data-id=\"23daa9e\" data-element_type=\"widget\" data-widget_type=\"heading.default\">\n\t\t\t\t<div class=\"elementor-widget-container\">\n\t\t\t\t\t<h1 class=\"elementor-heading-title elementor-size-default\">House remodelling<\/h1>\t\t\t\t<\/div>\n\t\t\t\t<\/div>\n\t\t\t\t<\/div>\n\t\t<div class=\"elementor-element elementor-element-a5bb955 e-con-full e-flex e-con e-child\" data-id=\"a5bb955\" data-element_type=\"container\">\n\t\t\t\t<div class=\"elementor-element elementor-element-9bf3b23 elementor-widget elementor-widget-heading\" data-id=\"9bf3b23\" data-element_type=\"widget\" data-widget_type=\"heading.default\">\n\t\t\t\t<div class=\"elementor-widget-container\">\n\t\t\t\t\t<h2 class=\"elementor-heading-title elementor-size-default\">Materials used:<\/h2>\t\t\t\t<\/div>\n\t\t\t\t<\/div>\n\t\t\t\t<div class=\"elementor-element elementor-element-948ae75 elementor-widget elementor-widget-text-editor\" data-id=\"948ae75\" data-element_type=\"widget\" data-widget_type=\"text-editor.default\">\n\t\t\t\t<div class=\"elementor-widget-container\">\n\t\t\t\t\t\t\t\t\t<ul><li class=\"a-b-r-La\">Floor and wall coverings - Keraben and Argenta<\/li><li class=\"a-b-r-La\">Furniture - Roca<\/li><li class=\"a-b-r-La\">Toilets - Valadares<\/li><li class=\"a-b-r-La\">Taps - Bruma<\/li><\/ul>\t\t\t\t\t\t\t\t<\/div>\n\t\t\t\t<\/div>\n\t\t\t\t<div class=\"elementor-element elementor-element-b7f8a17 elementor-icon-list--layout-inline elementor-list-item-link-full_width elementor-widget elementor-widget-icon-list\" data-id=\"b7f8a17\" data-element_type=\"widget\" data-widget_type=\"icon-list.default\">\n\t\t\t\t<div class=\"elementor-widget-container\">\n\t\t\t\t\t\t\t<ul class=\"elementor-icon-list-items elementor-inline-items\">\n\t\t\t\t\t\t\t<li class=\"elementor-icon-list-item elementor-inline-item\">\n\t\t\t\t\t\t\t\t\t\t<span class=\"elementor-icon-list-text\">2023<\/span>\n\t\t\t\t\t\t\t\t\t<\/li>\n\t\t\t\t\t\t\t\t<li class=\"elementor-icon-list-item elementor-inline-item\">\n\t\t\t\t\t\t\t\t\t\t<span class=\"elementor-icon-list-text\">Villa<\/span>\n\t\t\t\t\t\t\t\t\t<\/li>\n\t\t\t\t\t\t\t\t<li class=\"elementor-icon-list-item elementor-inline-item\">\n\t\t\t\t\t\t\t\t\t\t<span class=\"elementor-icon-list-text\">Almancil<\/span>\n\t\t\t\t\t\t\t\t\t<\/li>\n\t\t\t\t\t\t<\/ul>\n\t\t\t\t\t\t<\/div>\n\t\t\t\t<\/div>\n\t\t\t\t<\/div>\n\t\t<div class=\"elementor-element elementor-element-bec9833 e-con-full e-flex e-con e-child\" data-id=\"bec9833\" data-element_type=\"container\">\n\t\t\t\t<div class=\"elementor-element elementor-element-6800cec elementor-widget__width-initial elementor-invisible elementor-widget elementor-widget-image\" data-id=\"6800cec\" data-element_type=\"widget\" data-settings=\"{&quot;_animation&quot;:&quot;fadeIn&quot;,&quot;_animation_delay&quot;:200}\" data-widget_type=\"image.default\">\n\t\t\t\t<div class=\"elementor-widget-container\">\n\t\t\t\t\t\t\t\t\t\t\t\t\t\t\t<img fetchpriority=\"high\" decoding=\"async\" width=\"1024\" height=\"768\" src=\"https:\/\/atelierdaconstrucao.com\/wp-content\/uploads\/2025\/03\/Remodelacao-Moradia-S.-Lourenco-\u2013-Almancil1.jpeg\" class=\"attachment-2048x2048 size-2048x2048 wp-image-345\" alt=\"\" srcset=\"https:\/\/atelierdaconstrucao.com\/wp-content\/uploads\/2025\/03\/Remodelacao-Moradia-S.-Lourenco-\u2013-Almancil1.jpeg 1024w, https:\/\/atelierdaconstrucao.com\/wp-content\/uploads\/2025\/03\/Remodelacao-Moradia-S.-Lourenco-\u2013-Almancil1-300x225.jpeg 300w, https:\/\/atelierdaconstrucao.com\/wp-content\/uploads\/2025\/03\/Remodelacao-Moradia-S.-Lourenco-\u2013-Almancil1-768x576.jpeg 768w\" sizes=\"(max-width: 1024px) 100vw, 1024px\" \/>\t\t\t\t\t\t\t\t\t\t\t\t\t\t\t<\/div>\n\t\t\t\t<\/div>\n\t\t\t\t<div class=\"elementor-element elementor-element-d3c4e20 elementor-widget__width-initial elementor-widget-mobile__width-initial elementor-invisible elementor-widget elementor-widget-image\" data-id=\"d3c4e20\" data-element_type=\"widget\" data-settings=\"{&quot;_animation&quot;:&quot;fadeIn&quot;,&quot;_animation_delay&quot;:300}\" data-widget_type=\"image.default\">\n\t\t\t\t<div class=\"elementor-widget-container\">\n\t\t\t\t\t\t\t\t\t\t\t\t\t\t\t<img decoding=\"async\" width=\"822\" height=\"577\" src=\"https:\/\/atelierdaconstrucao.com\/wp-content\/uploads\/2025\/03\/Remodelacao-Moradia-S.-Lourenco-\u2013-Almancil4.jpeg\" class=\"attachment-1536x1536 size-1536x1536 wp-image-342\" alt=\"\" srcset=\"https:\/\/atelierdaconstrucao.com\/wp-content\/uploads\/2025\/03\/Remodelacao-Moradia-S.-Lourenco-\u2013-Almancil4.jpeg 822w, https:\/\/atelierdaconstrucao.com\/wp-content\/uploads\/2025\/03\/Remodelacao-Moradia-S.-Lourenco-\u2013-Almancil4-300x211.jpeg 300w, https:\/\/atelierdaconstrucao.com\/wp-content\/uploads\/2025\/03\/Remodelacao-Moradia-S.-Lourenco-\u2013-Almancil4-768x539.jpeg 768w\" sizes=\"(max-width: 822px) 100vw, 822px\" \/>\t\t\t\t\t\t\t\t\t\t\t\t\t\t\t<\/div>\n\t\t\t\t<\/div>\n\t\t\t\t<div class=\"elementor-element elementor-element-9b55c64 elementor-widget__width-initial elementor-widget-mobile__width-initial elementor-invisible elementor-widget elementor-widget-image\" data-id=\"9b55c64\" data-element_type=\"widget\" data-settings=\"{&quot;_animation&quot;:&quot;fadeIn&quot;,&quot;_animation_delay&quot;:400}\" data-widget_type=\"image.default\">\n\t\t\t\t<div class=\"elementor-widget-container\">\n\t\t\t\t\t\t\t\t\t\t\t\t\t\t\t<img decoding=\"async\" width=\"577\" height=\"1024\" src=\"https:\/\/atelierdaconstrucao.com\/wp-content\/uploads\/2025\/03\/Remodelacao-Moradia-S.-Lourenco-\u2013-Almancil2.jpeg\" class=\"attachment-1536x1536 size-1536x1536 wp-image-344\" alt=\"\" srcset=\"https:\/\/atelierdaconstrucao.com\/wp-content\/uploads\/2025\/03\/Remodelacao-Moradia-S.-Lourenco-\u2013-Almancil2.jpeg 577w, https:\/\/atelierdaconstrucao.com\/wp-content\/uploads\/2025\/03\/Remodelacao-Moradia-S.-Lourenco-\u2013-Almancil2-169x300.jpeg 169w\" sizes=\"(max-width: 577px) 100vw, 577px\" \/>\t\t\t\t\t\t\t\t\t\t\t\t\t\t\t<\/div>\n\t\t\t\t<\/div>\n\t\t\t\t<div class=\"elementor-element elementor-element-7a82426 elementor-widget__width-initial elementor-invisible elementor-widget elementor-widget-image\" data-id=\"7a82426\" data-element_type=\"widget\" data-settings=\"{&quot;_animation&quot;:&quot;fadeIn&quot;,&quot;_animation_delay&quot;:500}\" data-widget_type=\"image.default\">\n\t\t\t\t<div class=\"elementor-widget-container\">\n\t\t\t\t\t\t\t\t\t\t\t\t\t\t\t<img loading=\"lazy\" decoding=\"async\" width=\"577\" height=\"1024\" src=\"https:\/\/atelierdaconstrucao.com\/wp-content\/uploads\/2025\/03\/Remodelacao-Moradia-S.-Lourenco-\u2013-Almancil3.jpeg\" class=\"attachment-2048x2048 size-2048x2048 wp-image-343\" alt=\"\" srcset=\"https:\/\/atelierdaconstrucao.com\/wp-content\/uploads\/2025\/03\/Remodelacao-Moradia-S.-Lourenco-\u2013-Almancil3.jpeg 577w, https:\/\/atelierdaconstrucao.com\/wp-content\/uploads\/2025\/03\/Remodelacao-Moradia-S.-Lourenco-\u2013-Almancil3-169x300.jpeg 169w\" sizes=\"(max-width: 577px) 100vw, 577px\" \/>\t\t\t\t\t\t\t\t\t\t\t\t\t\t\t<\/div>\n\t\t\t\t<\/div>\n\t\t\t\t<\/div>\n\t\t\t\t\t<\/div>\n\t\t\t\t<\/div>\n\t\t\t\t<\/div>\n\t\t\t\t\t<\/div>\n\t\t\t\t<\/div>\n\t\t\t\t<\/div>","protected":false},"excerpt":{"rendered":"<p>S. Louren\u00e7o \u2013 Almancil Remodela\u00e7\u00e3o Moradia Materiais utilizados: Pavimento e Revestimentos &#8211; Keraben e Argenta M\u00f3veis &#8211; Roca Sanit\u00e1rios &#8211; Valadares Torneiras &#8211; Bruma 2023 Moradia Almancil<\/p>","protected":false},"author":1,"featured_media":0,"parent":0,"menu_order":0,"comment_status":"closed","ping_status":"closed","template":"","meta":{"footnotes":""},"class_list":["post-339","page","type-page","status-publish","hentry"],"_links":{"self":[{"href":"https:\/\/atelierdaconstrucao.com\/en\/wp-json\/wp\/v2\/pages\/339","targetHints":{"allow":["GET"]}}],"collection":[{"href":"https:\/\/atelierdaconstrucao.com\/en\/wp-json\/wp\/v2\/pages"}],"about":[{"href":"https:\/\/atelierdaconstrucao.com\/en\/wp-json\/wp\/v2\/types\/page"}],"author":[{"embeddable":true,"href":"https:\/\/atelierdaconstrucao.com\/en\/wp-json\/wp\/v2\/users\/1"}],"replies":[{"embeddable":true,"href":"https:\/\/atelierdaconstrucao.com\/en\/wp-json\/wp\/v2\/comments?post=339"}],"version-history":[{"count":10,"href":"https:\/\/atelierdaconstrucao.com\/en\/wp-json\/wp\/v2\/pages\/339\/revisions"}],"predecessor-version":[{"id":447,"href":"https:\/\/atelierdaconstrucao.com\/en\/wp-json\/wp\/v2\/pages\/339\/revisions\/447"}],"wp:attachment":[{"href":"https:\/\/atelierdaconstrucao.com\/en\/wp-json\/wp\/v2\/media?parent=339"}],"curies":[{"name":"wp","href":"https:\/\/api.w.org\/{rel}","templated":true}]}}